{"id":7338,"date":"2022-09-07T14:32:26","date_gmt":"2022-09-07T17:32:26","guid":{"rendered":"http:\/\/vriic.usach.cl\/?page_id=7338"},"modified":"2024-05-15T19:14:17","modified_gmt":"2024-05-15T22:14:17","slug":"polo-de-innovacion-tecnologica","status":"publish","type":"page","link":"https:\/\/vriic.usach.cl\/index.php\/polo-de-innovacion-tecnologica\/","title":{"rendered":"Proyecto Polo de Innovaci\u00f3n Tecnol\u00f3gica"},"content":{"rendered":"\t\t<div data-elementor-type=\"wp-page\" data-elementor-id=\"7338\" class=\"elementor elementor-7338\" data-elementor-post-type=\"page\">\n\t\t\t\t\t\t<section class=\"elementor-section elementor-top-section elementor-element elementor-element-3a67e029 elementor-section-full_width elementor-section-stretched elementor-section-height-default elementor-section-height-default wpr-particle-no wpr-jarallax-no wpr-parallax-no wpr-sticky-section-no\" data-id=\"3a67e029\" data-element_type=\"section\" data-e-type=\"section\" data-settings=\"{&quot;stretch_section&quot;:&quot;section-stretched&quot;,&quot;background_background&quot;:&quot;classic&quot;}\">\n\t\t\t\t\t\t<div class=\"elementor-container elementor-column-gap-default\">\n\t\t\t\t\t<div class=\"elementor-column elementor-col-100 elementor-top-column elementor-element elementor-element-76e57e83\" data-id=\"76e57e83\" data-element_type=\"column\" data-e-type=\"column\">\n\t\t\t<div class=\"elementor-widget-wrap elementor-element-populated\">\n\t\t\t\t\t\t<div class=\"elementor-element elementor-element-1679ee6f elementor-widget elementor-widget-image\" data-id=\"1679ee6f\" data-element_type=\"widget\" data-e-type=\"widget\" data-widget_type=\"image.default\">\n\t\t\t\t<div class=\"elementor-widget-container\">\n\t\t\t\t\t\t\t\t\t\t\t\t\t\t\t<img fetchpriority=\"high\" decoding=\"async\" width=\"2000\" height=\"610\" src=\"https:\/\/vriic.usach.cl\/wp-content\/uploads\/2022\/09\/PoloInnovacio\u0301n-1.jpg\" class=\"attachment-full size-full wp-image-7354\" alt=\"\" srcset=\"https:\/\/vriic.usach.cl\/wp-content\/uploads\/2022\/09\/PoloInnovacio\u0301n-1.jpg 2000w, https:\/\/vriic.usach.cl\/wp-content\/uploads\/2022\/09\/PoloInnovacio\u0301n-1-300x92.jpg 300w, https:\/\/vriic.usach.cl\/wp-content\/uploads\/2022\/09\/PoloInnovacio\u0301n-1-1024x312.jpg 1024w, https:\/\/vriic.usach.cl\/wp-content\/uploads\/2022\/09\/PoloInnovacio\u0301n-1-768x234.jpg 768w, https:\/\/vriic.usach.cl\/wp-content\/uploads\/2022\/09\/PoloInnovacio\u0301n-1-1536x468.jpg 1536w\" sizes=\"(max-width: 2000px) 100vw, 2000px\" \/>\t\t\t\t\t\t\t\t\t\t\t\t\t\t\t<\/div>\n\t\t\t\t<\/div>\n\t\t\t\t\t<\/div>\n\t\t<\/div>\n\t\t\t\t\t<\/div>\n\t\t<\/section>\n\t\t\t\t<section class=\"elementor-section elementor-top-section elementor-element elementor-element-2ca58b72 elementor-section-boxed elementor-section-height-default elementor-section-height-default wpr-particle-no wpr-jarallax-no wpr-parallax-no wpr-sticky-section-no\" data-id=\"2ca58b72\" data-element_type=\"section\" data-e-type=\"section\">\n\t\t\t\t\t\t\t<div class=\"elementor-background-overlay\"><\/div>\n\t\t\t\t\t\t\t<div class=\"elementor-container elementor-column-gap-default\">\n\t\t\t\t\t<div class=\"elementor-column elementor-col-100 elementor-top-column elementor-element elementor-element-35910c3c\" data-id=\"35910c3c\" data-element_type=\"column\" data-e-type=\"column\">\n\t\t\t<div class=\"elementor-widget-wrap elementor-element-populated\">\n\t\t\t\t\t\t\t<\/div>\n\t\t<\/div>\n\t\t\t\t\t<\/div>\n\t\t<\/section>\n\t\t\t\t<section class=\"elementor-section elementor-top-section elementor-element elementor-element-21f596e0 elementor-section-full_width elementor-section-stretched elementor-section-height-default elementor-section-height-default wpr-particle-no wpr-jarallax-no wpr-parallax-no wpr-sticky-section-no\" data-id=\"21f596e0\" data-element_type=\"section\" data-e-type=\"section\" data-settings=\"{&quot;background_background&quot;:&quot;classic&quot;,&quot;stretch_section&quot;:&quot;section-stretched&quot;}\">\n\t\t\t\t\t\t\t<div class=\"elementor-background-overlay\"><\/div>\n\t\t\t\t\t\t\t<div class=\"elementor-container elementor-column-gap-default\">\n\t\t\t\t\t<div class=\"elementor-column elementor-col-100 elementor-top-column elementor-element elementor-element-5d30cee5\" data-id=\"5d30cee5\" data-element_type=\"column\" data-e-type=\"column\" data-settings=\"{&quot;background_background&quot;:&quot;classic&quot;}\">\n\t\t\t<div class=\"elementor-widget-wrap elementor-element-populated\">\n\t\t\t\t\t\t<div class=\"elementor-element elementor-element-e28518b elementor-widget elementor-widget-heading\" data-id=\"e28518b\" data-element_type=\"widget\" data-e-type=\"widget\" data-widget_type=\"heading.default\">\n\t\t\t\t<div class=\"elementor-widget-container\">\n\t\t\t\t\t<h2 class=\"elementor-heading-title elementor-size-default\">PROYECTO <br><strong>POLO DE INNOVACI\u00d3N TECNOL\u00d3GICA<\/strong><\/h2>\t\t\t\t<\/div>\n\t\t\t\t<\/div>\n\t\t\t\t<section class=\"elementor-section elementor-inner-section elementor-element elementor-element-291397cf elementor-section-boxed elementor-section-height-default elementor-section-height-default wpr-particle-no wpr-jarallax-no wpr-parallax-no wpr-sticky-section-no\" data-id=\"291397cf\" data-element_type=\"section\" data-e-type=\"section\">\n\t\t\t\t\t\t<div class=\"elementor-container elementor-column-gap-default\">\n\t\t\t\t\t<div class=\"elementor-column elementor-col-100 elementor-inner-column elementor-element elementor-element-76658ef1\" data-id=\"76658ef1\" data-element_type=\"column\" data-e-type=\"column\">\n\t\t\t<div class=\"elementor-widget-wrap elementor-element-populated\">\n\t\t\t\t\t\t<div class=\"elementor-element elementor-element-7840cf7c elementor-widget elementor-widget-text-editor\" data-id=\"7840cf7c\" data-element_type=\"widget\" data-e-type=\"widget\" data-widget_type=\"text-editor.default\">\n\t\t\t\t<div class=\"elementor-widget-container\">\n\t\t\t\t\t\t\t\t\t<p><span style=\"font-weight: 400;\">Este proyecto estrat\u00e9gico con impacto territorial, pretende potenciar el desarrollo productivo del sector Poniente de Santiago en 7 comunas, a trav\u00e9s de la conexi\u00f3n de la Investigaci\u00f3n, Desarrollo e Innovaci\u00f3n (I+D+i) Usach, con las necesidades de las MyPes levantadas. El proyecto es gestionado por el Centro de Innovaci\u00f3n de la Facultad.<\/span><\/p><p><span style=\"font-weight: 400;\">Las soluciones que contempla el proyecto Polo de Innovaci\u00f3n Tecnol\u00f3gica incluye una plataforma tecnol\u00f3gica de georreferenciaci\u00f3n para la toma de decisiones; capacitaciones a PyMes del sector poniente en base a necesidades; roadmap tecnol\u00f3gicos para MyPes y gesti\u00f3n y pilotaje de 7 proyectos de innovaci\u00f3n. Estos resultados traer\u00e1n un beneficio directo a las Mypes de las comunas convocadas y para el ecosistema completo.<\/span><\/p><p><span style=\"font-weight: 400;\">Organismo financiador: GORE Metropolitano; Monto subvenci\u00f3n: $150 Millones, An\u0303os: 2022-2023.\u00a0<\/span><\/p><p><br \/><br \/><\/p>\t\t\t\t\t\t\t\t<\/div>\n\t\t\t\t<\/div>\n\t\t\t\t\t<\/div>\n\t\t<\/div>\n\t\t\t\t\t<\/div>\n\t\t<\/section>\n\t\t\t\t\t<\/div>\n\t\t<\/div>\n\t\t\t\t\t<\/div>\n\t\t<\/section>\n\t\t\t\t<\/div>\n\t\t","protected":false},"excerpt":{"rendered":"<p>PROYECTO POLO DE INNOVACI\u00d3N TECNOL\u00d3GICA Este proyecto estrat\u00e9gico con impacto territorial, pretende potenciar el desarrollo productivo del sector Poniente de Santiago en 7 comunas, a trav\u00e9s de la conexi\u00f3n de [&hellip;]<\/p>\n","protected":false},"author":1,"featured_media":0,"parent":0,"menu_order":0,"comment_status":"closed","ping_status":"closed","template":"elementor_header_footer","meta":{"inline_featured_image":false,"_monsterinsights_skip_tracking":false,"_monsterinsights_sitenote_active":false,"_monsterinsights_sitenote_note":"","_monsterinsights_sitenote_category":0,"site-sidebar-layout":"no-sidebar","site-content-layout":"page-builder","ast-site-content-layout":"","site-content-style":"default","site-sidebar-style":"default","ast-global-header-display":"","ast-banner-title-visibility":"","ast-main-header-display":"","ast-hfb-above-header-display":"","ast-hfb-below-header-display":"","ast-hfb-mobile-header-display":"","site-post-title":"disabled","ast-breadcrumbs-content":"","ast-featured-img":"disabled","footer-sml-layout":"","theme-transparent-header-meta":"default","adv-header-id-meta":"","stick-header-meta":"","header-above-stick-meta":"","header-main-stick-meta":"","header-below-stick-meta":"","astra-migrate-meta-layouts":"default","ast-page-background-enabled":"default","ast-page-background-meta":{"desktop":{"background-color":"","background-image":"","background-repeat":"repeat","background-position":"center center","background-size":"auto","background-attachment":"scroll","background-type":"","background-media":"","overlay-type":"","overlay-color":"","overlay-gradient":""},"tablet":{"background-color":"","background-image":"","background-repeat":"repeat","background-position":"center center","background-size":"auto","background-attachment":"scroll","background-type":"","background-media":"","overlay-type":"","overlay-color":"","overlay-gradient":""},"mobile":{"background-color":"","background-image":"","background-repeat":"repeat","background-position":"center center","background-size":"auto","background-attachment":"scroll","background-type":"","background-media":"","overlay-type":"","overlay-color":"","overlay-gradient":""}},"ast-content-background-meta":{"desktop":{"background-color":"var(--ast-global-color-5)","background-image":"","background-repeat":"repeat","background-position":"center center","background-size":"auto","background-attachment":"scroll","background-type":"","background-media":"","overlay-type":"","overlay-color":"","overlay-gradient":""},"tablet":{"background-color":"var(--ast-global-color-5)","background-image":"","background-repeat":"repeat","background-position":"center center","background-size":"auto","background-attachment":"scroll","background-type":"","background-media":"","overlay-type":"","overlay-color":"","overlay-gradient":""},"mobile":{"background-color":"var(--ast-global-color-5)","background-image":"","background-repeat":"repeat","background-position":"center center","background-size":"auto","background-attachment":"scroll","background-type":"","background-media":"","overlay-type":"","overlay-color":"","overlay-gradient":""}},"footnotes":""},"class_list":["post-7338","page","type-page","status-publish","hentry"],"yoast_head":"<!-- This site is optimized with the Yoast SEO plugin v22.3 - https:\/\/yoast.com\/wordpress\/plugins\/seo\/ -->\n<title>Proyecto Polo de Innovaci\u00f3n Tecnol\u00f3gica - VRIIC<\/title>\n<meta name=\"robots\" content=\"index, follow, max-snippet:-1, max-image-preview:large, max-video-preview:-1\" \/>\n<link rel=\"canonical\" href=\"https:\/\/vriic.usach.cl\/index.php\/polo-de-innovacion-tecnologica\/\" \/>\n<meta property=\"og:locale\" content=\"es_ES\" \/>\n<meta property=\"og:type\" content=\"article\" \/>\n<meta property=\"og:title\" content=\"Proyecto Polo de Innovaci\u00f3n Tecnol\u00f3gica - VRIIC\" \/>\n<meta property=\"og:description\" content=\"PROYECTO POLO DE INNOVACI\u00d3N TECNOL\u00d3GICA Este proyecto estrat\u00e9gico con impacto territorial, pretende potenciar el desarrollo productivo del sector Poniente de Santiago en 7 comunas, a trav\u00e9s de la conexi\u00f3n de [&hellip;]\" \/>\n<meta property=\"og:url\" content=\"https:\/\/vriic.usach.cl\/index.php\/polo-de-innovacion-tecnologica\/\" \/>\n<meta property=\"og:site_name\" content=\"VRIIC\" \/>\n<meta property=\"article:modified_time\" content=\"2024-05-15T22:14:17+00:00\" \/>\n<meta name=\"twitter:card\" content=\"summary_large_image\" \/>\n<meta name=\"twitter:label1\" content=\"Est. reading time\" \/>\n\t<meta name=\"twitter:data1\" content=\"1 minuto\" \/>\n<script type=\"application\/ld+json\" class=\"yoast-schema-graph\">{\"@context\":\"https:\/\/schema.org\",\"@graph\":[{\"@type\":\"WebPage\",\"@id\":\"https:\/\/vriic.usach.cl\/index.php\/polo-de-innovacion-tecnologica\/\",\"url\":\"https:\/\/vriic.usach.cl\/index.php\/polo-de-innovacion-tecnologica\/\",\"name\":\"Proyecto Polo de Innovaci\u00f3n Tecnol\u00f3gica - VRIIC\",\"isPartOf\":{\"@id\":\"https:\/\/vriic.usach.cl\/#website\"},\"datePublished\":\"2022-09-07T17:32:26+00:00\",\"dateModified\":\"2024-05-15T22:14:17+00:00\",\"breadcrumb\":{\"@id\":\"https:\/\/vriic.usach.cl\/index.php\/polo-de-innovacion-tecnologica\/#breadcrumb\"},\"inLanguage\":\"es-CL\",\"potentialAction\":[{\"@type\":\"ReadAction\",\"target\":[\"https:\/\/vriic.usach.cl\/index.php\/polo-de-innovacion-tecnologica\/\"]}]},{\"@type\":\"BreadcrumbList\",\"@id\":\"https:\/\/vriic.usach.cl\/index.php\/polo-de-innovacion-tecnologica\/#breadcrumb\",\"itemListElement\":[{\"@type\":\"ListItem\",\"position\":1,\"name\":\"Portada\",\"item\":\"https:\/\/vriic.usach.cl\/\"},{\"@type\":\"ListItem\",\"position\":2,\"name\":\"Proyecto Polo de Innovaci\u00f3n Tecnol\u00f3gica\"}]},{\"@type\":\"WebSite\",\"@id\":\"https:\/\/vriic.usach.cl\/#website\",\"url\":\"https:\/\/vriic.usach.cl\/\",\"name\":\"VRIIC\",\"description\":\"Vicerrector\u00eda de Investigaci\u00f3n, Innovaci\u00f3n y Creaci\u00f3n\",\"publisher\":{\"@id\":\"https:\/\/vriic.usach.cl\/#organization\"},\"potentialAction\":[{\"@type\":\"SearchAction\",\"target\":{\"@type\":\"EntryPoint\",\"urlTemplate\":\"https:\/\/vriic.usach.cl\/?s={search_term_string}\"},\"query-input\":\"required name=search_term_string\"}],\"inLanguage\":\"es-CL\"},{\"@type\":\"Organization\",\"@id\":\"https:\/\/vriic.usach.cl\/#organization\",\"name\":\"VRIIC\",\"url\":\"https:\/\/vriic.usach.cl\/\",\"logo\":{\"@type\":\"ImageObject\",\"inLanguage\":\"es-CL\",\"@id\":\"https:\/\/vriic.usach.cl\/#\/schema\/logo\/image\/\",\"url\":\"https:\/\/vriic.usach.cl\/wp-content\/uploads\/2024\/05\/cropped-HISTORIA-C-min-1.png\",\"contentUrl\":\"https:\/\/vriic.usach.cl\/wp-content\/uploads\/2024\/05\/cropped-HISTORIA-C-min-1.png\",\"width\":966,\"height\":228,\"caption\":\"VRIIC\"},\"image\":{\"@id\":\"https:\/\/vriic.usach.cl\/#\/schema\/logo\/image\/\"}}]}<\/script>\n<!-- \/ Yoast SEO plugin. -->","yoast_head_json":{"title":"Proyecto Polo de Innovaci\u00f3n Tecnol\u00f3gica - VRIIC","robots":{"index":"index","follow":"follow","max-snippet":"max-snippet:-1","max-image-preview":"max-image-preview:large","max-video-preview":"max-video-preview:-1"},"canonical":"https:\/\/vriic.usach.cl\/index.php\/polo-de-innovacion-tecnologica\/","og_locale":"es_ES","og_type":"article","og_title":"Proyecto Polo de Innovaci\u00f3n Tecnol\u00f3gica - VRIIC","og_description":"PROYECTO POLO DE INNOVACI\u00d3N TECNOL\u00d3GICA Este proyecto estrat\u00e9gico con impacto territorial, pretende potenciar el desarrollo productivo del sector Poniente de Santiago en 7 comunas, a trav\u00e9s de la conexi\u00f3n de [&hellip;]","og_url":"https:\/\/vriic.usach.cl\/index.php\/polo-de-innovacion-tecnologica\/","og_site_name":"VRIIC","article_modified_time":"2024-05-15T22:14:17+00:00","twitter_card":"summary_large_image","twitter_misc":{"Est. reading time":"1 minuto"},"schema":{"@context":"https:\/\/schema.org","@graph":[{"@type":"WebPage","@id":"https:\/\/vriic.usach.cl\/index.php\/polo-de-innovacion-tecnologica\/","url":"https:\/\/vriic.usach.cl\/index.php\/polo-de-innovacion-tecnologica\/","name":"Proyecto Polo de Innovaci\u00f3n Tecnol\u00f3gica - VRIIC","isPartOf":{"@id":"https:\/\/vriic.usach.cl\/#website"},"datePublished":"2022-09-07T17:32:26+00:00","dateModified":"2024-05-15T22:14:17+00:00","breadcrumb":{"@id":"https:\/\/vriic.usach.cl\/index.php\/polo-de-innovacion-tecnologica\/#breadcrumb"},"inLanguage":"es-CL","potentialAction":[{"@type":"ReadAction","target":["https:\/\/vriic.usach.cl\/index.php\/polo-de-innovacion-tecnologica\/"]}]},{"@type":"BreadcrumbList","@id":"https:\/\/vriic.usach.cl\/index.php\/polo-de-innovacion-tecnologica\/#breadcrumb","itemListElement":[{"@type":"ListItem","position":1,"name":"Portada","item":"https:\/\/vriic.usach.cl\/"},{"@type":"ListItem","position":2,"name":"Proyecto Polo de Innovaci\u00f3n Tecnol\u00f3gica"}]},{"@type":"WebSite","@id":"https:\/\/vriic.usach.cl\/#website","url":"https:\/\/vriic.usach.cl\/","name":"VRIIC","description":"Vicerrector\u00eda de Investigaci\u00f3n, Innovaci\u00f3n y Creaci\u00f3n","publisher":{"@id":"https:\/\/vriic.usach.cl\/#organization"},"potentialAction":[{"@type":"SearchAction","target":{"@type":"EntryPoint","urlTemplate":"https:\/\/vriic.usach.cl\/?s={search_term_string}"},"query-input":"required name=search_term_string"}],"inLanguage":"es-CL"},{"@type":"Organization","@id":"https:\/\/vriic.usach.cl\/#organization","name":"VRIIC","url":"https:\/\/vriic.usach.cl\/","logo":{"@type":"ImageObject","inLanguage":"es-CL","@id":"https:\/\/vriic.usach.cl\/#\/schema\/logo\/image\/","url":"https:\/\/vriic.usach.cl\/wp-content\/uploads\/2024\/05\/cropped-HISTORIA-C-min-1.png","contentUrl":"https:\/\/vriic.usach.cl\/wp-content\/uploads\/2024\/05\/cropped-HISTORIA-C-min-1.png","width":966,"height":228,"caption":"VRIIC"},"image":{"@id":"https:\/\/vriic.usach.cl\/#\/schema\/logo\/image\/"}}]}},"rttpg_featured_image_url":null,"rttpg_author":{"display_name":"Comunicaciones VRIIC","author_link":"https:\/\/vriic.usach.cl\/index.php\/author\/adminvridei\/"},"rttpg_comment":0,"rttpg_category":null,"rttpg_excerpt":"PROYECTO POLO DE INNOVACI\u00d3N TECNOL\u00d3GICA Este proyecto estrat\u00e9gico con impacto territorial, pretende potenciar el desarrollo productivo del sector Poniente de Santiago en 7 comunas, a trav\u00e9s de la conexi\u00f3n de [&hellip;]","_links":{"self":[{"href":"https:\/\/vriic.usach.cl\/index.php\/wp-json\/wp\/v2\/pages\/7338","targetHints":{"allow":["GET"]}}],"collection":[{"href":"https:\/\/vriic.usach.cl\/index.php\/wp-json\/wp\/v2\/pages"}],"about":[{"href":"https:\/\/vriic.usach.cl\/index.php\/wp-json\/wp\/v2\/types\/page"}],"author":[{"embeddable":true,"href":"https:\/\/vriic.usach.cl\/index.php\/wp-json\/wp\/v2\/users\/1"}],"replies":[{"embeddable":true,"href":"https:\/\/vriic.usach.cl\/index.php\/wp-json\/wp\/v2\/comments?post=7338"}],"version-history":[{"count":23,"href":"https:\/\/vriic.usach.cl\/index.php\/wp-json\/wp\/v2\/pages\/7338\/revisions"}],"predecessor-version":[{"id":16317,"href":"https:\/\/vriic.usach.cl\/index.php\/wp-json\/wp\/v2\/pages\/7338\/revisions\/16317"}],"wp:attachment":[{"href":"https:\/\/vriic.usach.cl\/index.php\/wp-json\/wp\/v2\/media?parent=7338"}],"curies":[{"name":"wp","href":"https:\/\/api.w.org\/{rel}","templated":true}]}}